{"id":19,"date":"2021-05-10T09:20:12","date_gmt":"2021-05-10T09:20:12","guid":{"rendered":"https:\/\/primastcar.com\/?page_id=19"},"modified":"2023-10-10T08:07:19","modified_gmt":"2023-10-10T08:07:19","slug":"primastcar-la-plataforma-de-formacion-continuada-en-ecv-para-ap","status":"publish","type":"page","link":"https:\/\/primastcar.com\/","title":{"rendered":"Primastcar: La plataforma"},"content":{"rendered":"\n<h2 class=\"has-white-color has-text-color\" style=\"font-size:1px\">primastcar: la plataforma<\/h2>\n\n\n\n<hr class=\"wp-block-separator\"\/>\n\n\n\n<p class=\"has-white-color has-text-color\" style=\"font-size:1px\"><strong>primastcar: La plataforma<\/strong><\/p>\n\n\n\n<p class=\"has-vivid-red-color has-text-color has-large-font-size\"><\/p>\n\n\n\n<div class=\"wp-block-columns\">\n<div class=\"wp-block-column\"><\/div>\n<\/div>\n\n\n\n<div style=\"height:1px\" aria-hidden=\"true\" class=\"wp-block-spacer\"><\/div>\n\n\n\n<div class=\"wp-block-columns\">\n<div class=\"wp-block-column\"><\/div>\n<\/div>\n\n\n\n<hr class=\"wp-block-separator has-text-color has-background has-cyan-bluish-gray-background-color has-cyan-bluish-gray-color is-style-wide\"\/>\n\n\n\n<p class=\"has-white-color has-text-color\" style=\"font-size:1px\">PRIMASTCAR est\u00e1 formado por un grupo de profesionales sanitarios (cardi\u00f3logos y m\u00e9dicos de familia) con una amplia experiencia profesional y con capacidad comunicativa y docente demostrada, adem\u00e1s de poseedores de un uso optimizado de las nuevas tecnolog\u00edas. Este grupo de trabajo de la SAC, est\u00e1 conectado estrechamente con las sociedades m\u00e9dicas asturianas: Sociedad Asturiana de Cardiolog\u00eda, Sociedad Asturiana de Medicina Familiar y Comunitaria, Sociedad Espa\u00f1ola de M\u00e9dicos de Atenci\u00f3n Primaria en Asturias y la Sociedad Espa\u00f1ola de M\u00e9dicos Generales y de Familia (<em>SEMG<\/em>) en Asturias. Asimismo, contar\u00e1 tambi\u00e9n con la colaboraci\u00f3n de otras especialidades m\u00e9dicas cuando as\u00ed lo requieran las diferentes actividades formativas que se dise\u00f1en OBJETIVO: PRIMASTCAR pretende ser una plataforma que vehiculice la formaci\u00f3n continuada en ECV para AP y adecuada a sus necesidades. Pretende adem\u00e1s crear canales de comunicaci\u00f3n entre Atenci\u00f3n Primaria y Hospitalaria. COORDINADOR CIENT\u00cdFICO: <strong>Coordinador: Dr. Jes\u00fas Mar\u00eda De La Hera.<\/strong>&nbsp;Servicio de Cardiolog\u00eda HUCA\/ EQUIPO CIENT\u00cdFICO: <strong>Dr. Jos\u00e9 Antonio \u00c1lvarez Tamargo.<\/strong>&nbsp;Servicio de Cardiolog\u00eda. Hospital Vital \u00c1lvarez Buylla. Mieres-<strong>Dr. Jos\u00e9 Miguel \u00c1lvarez Cabo.&nbsp;<\/strong>Atenci\u00f3n Primaria. Centro de Salud Perchera. Gij\u00f3n. Presidente Sociedad Espa\u00f1ola de M\u00e9dicos Generales y de Familia \u2013 Asturias&nbsp;&#8211; <strong>Dr. Antonio Fern\u00e1ndez.&nbsp;<\/strong>Presidente Sociedad Espa\u00f1ola de M\u00e9dicos de Atenci\u00f3n Primaria \u2013 Asturias. Atenci\u00f3n Primaria. Centro de Salud Puerta La Villa. Gij\u00f3n- <strong>Dr. Pablo Avanzas.<\/strong>&nbsp;Servicio Cardiolog\u00eda. HUCA. Presidente Sociedad Asturiana de Cardiolog\u00eda- <strong>Dr. Julio Casares.&nbsp;<\/strong>Servicio de Cardiolog\u00eda. Centro M\u00e9dico. Oviedo- <strong>Dr. Rub\u00e9n Villa.&nbsp;<\/strong>Centro de Salud Grao-Candamo. Presidente Sociedad Asturiana de Medicina Familiar y Comunitaria\/\/ <strong>ADE Comunicaci\u00f3n<\/strong><br>C\/ Asturias 15. 1\u00ba Dcha B 33004 Oviedo Tel. 984194439 Mail: primastcar@cadecomunicacion.org<\/p>\n\n\n\n<div class=\"wp-block-group\"><div class=\"wp-block-group__inner-container\"><\/div><\/div>\n\n\n\n<p>Organiza       &nbsp;  &nbsp; <\/p>\n\n\n\n<div class=\"wp-block-columns\">\n<div class=\"wp-block-column\">\n<figure class=\"wp-block-image size-large is-resized\"><a href=\"http:\/\/www.samfyc.org\/\"><img loading=\"lazy\" src=\"https:\/\/primastcar.com\/wp-content\/uploads\/2021\/08\/Organiza-e1625734110964-edited.png\" alt=\"Organiza Primastcar SAMFyC \" class=\"wp-image-866\" width=\"187\" height=\"-411\"\/><\/a><\/figure>\n<\/div>\n\n\n\n<div class=\"wp-block-column\">\n<figure class=\"wp-block-image size-large is-resized\"><a href=\"https:\/\/www.semergen.es\/?seccion=sociedad&amp;subSeccion=detalleAutonomia&amp;idSA=126\"><img loading=\"lazy\" src=\"https:\/\/primastcar.com\/wp-content\/uploads\/2021\/08\/Organiza-e1625734110964-edited-1.png\" alt=\"Organiza Primastcar SEMERGEN\" class=\"wp-image-867\" width=\"184\" height=\"138\"\/><\/a><\/figure>\n<\/div>\n\n\n\n<div class=\"wp-block-column\">\n<figure class=\"wp-block-image size-large\"><a href=\"https:\/\/sacardiologia.es\/\"><img loading=\"lazy\" width=\"184\" height=\"138\" src=\"https:\/\/primastcar.com\/wp-content\/uploads\/2021\/08\/Organiza-e1625734110964-edited-2.png\" alt=\"Organiza Primastcar SAC\" class=\"wp-image-868\"\/><\/a><\/figure>\n<\/div>\n\n\n\n<div class=\"wp-block-column\">\n<figure class=\"wp-block-image size-large is-resized\"><a href=\"https:\/\/www.semg.es\/index.php\/sociedades-autonomicas\/semg-asturias\"><img loading=\"lazy\" src=\"https:\/\/primastcar.com\/wp-content\/uploads\/2021\/08\/Organiza-e1625734110964-edited-3.png\" alt=\"Organiza Primastcar SEMG\" class=\"wp-image-869\" width=\"208\" height=\"116\"\/><\/a><\/figure>\n<\/div>\n<\/div>\n\n\n\n<p>Colabora &nbsp;<\/p>\n\n\n\n<div class=\"wp-block-columns\">\n<div class=\"wp-block-column\">\n<figure class=\"wp-block-image size-large is-resized\"><img loading=\"lazy\" src=\"https:\/\/primastcar.com\/wp-content\/uploads\/2021\/09\/astraboehbristol.png\" alt=\"\" class=\"wp-image-1077\" width=\"1024\" height=\"111\"\/><\/figure>\n<\/div>\n<\/div>\n\n\n\n<div class=\"wp-block-columns\">\n<div class=\"wp-block-column is-vertically-aligned-top\">\n<h2><span class=\"has-inline-color has-white-color\">ll<\/span><\/h2>\n\n\n\n<figure class=\"wp-block-image size-large is-resized\"><img loading=\"lazy\" src=\"https:\/\/primastcar.com\/wp-content\/uploads\/2021\/07\/esteve-1024x245.jpg\" alt=\"\" class=\"wp-image-726\" width=\"180\" height=\"46\"\/><\/figure>\n<\/div>\n\n\n\n<div class=\"wp-block-column is-vertically-aligned-center\">\n<div class=\"wp-block-image\"><figure class=\"aligncenter size-large is-resized\"><img loading=\"lazy\" src=\"https:\/\/primastcar.com\/wp-content\/uploads\/2021\/07\/Servier_company_logo-med-ok-1.jpg\" alt=\"\" class=\"wp-image-728\" width=\"172\" height=\"140\"\/><\/figure><\/div>\n<\/div>\n\n\n\n<div class=\"wp-block-column is-vertically-aligned-center\">\n<div class=\"wp-block-image\"><figure class=\"aligncenter size-large is-resized\"><img loading=\"lazy\" src=\"https:\/\/primastcar.com\/wp-content\/uploads\/2021\/07\/msd.png\" alt=\"\" class=\"wp-image-729\" width=\"141\" height=\"51\"\/><\/figure><\/div>\n<\/div>\n\n\n\n<div class=\"wp-block-column is-vertically-aligned-center\">\n<div class=\"wp-block-image\"><figure class=\"aligncenter size-large is-resized\"><img loading=\"lazy\" src=\"https:\/\/primastcar.com\/wp-content\/uploads\/2021\/07\/Novo_Nordisk_logo_symbol_logotype-1024x711.png\" alt=\"\" class=\"wp-image-730\" width=\"153\" height=\"110\"\/><\/figure><\/div>\n<\/div>\n<\/div>\n\n\n\n<div class=\"wp-block-columns\">\n<div class=\"wp-block-column is-vertically-aligned-top\">\n<figure class=\"wp-block-image size-large is-resized\"><img loading=\"lazy\" src=\"https:\/\/primastcar.com\/wp-content\/uploads\/2021\/07\/logo_roche_pms300-2.png\" alt=\"\" class=\"wp-image-731\" width=\"194\" height=\"108\"\/><\/figure>\n<\/div>\n\n\n\n<div class=\"wp-block-column is-vertically-aligned-center\">\n<div class=\"wp-block-image\"><figure class=\"aligncenter size-large is-resized\"><img loading=\"lazy\" src=\"https:\/\/primastcar.com\/wp-content\/uploads\/2021\/07\/rovi.jpg\" alt=\"\" class=\"wp-image-732\" width=\"119\" height=\"126\"\/><\/figure><\/div>\n<\/div>\n\n\n\n<div class=\"wp-block-column is-vertically-aligned-center\">\n<div class=\"wp-block-image\"><figure class=\"aligncenter size-large is-resized\"><img loading=\"lazy\" src=\"https:\/\/primastcar.com\/wp-content\/uploads\/2021\/07\/unnamed.jpg\" alt=\"\" class=\"wp-image-600\" width=\"184\" height=\"61\"\/><\/figure><\/div>\n<\/div>\n\n\n\n<div class=\"wp-block-column is-vertically-aligned-center\">\n<div class=\"wp-block-image\"><figure class=\"aligncenter size-large is-resized\"><img loading=\"lazy\" src=\"https:\/\/primastcar.com\/wp-content\/uploads\/2021\/07\/LOGO-LILLY-edited-1.png\" alt=\"\" class=\"wp-image-736\" width=\"148\" height=\"84\"\/><\/figure><\/div>\n<\/div>\n<\/div>\n\n\n\n<div class=\"wp-block-columns\">\n<div class=\"wp-block-column is-vertically-aligned-top\">\n<figure class=\"wp-block-image size-large is-resized\"><img loading=\"lazy\" src=\"https:\/\/primastcar.com\/wp-content\/uploads\/2021\/07\/novartis.png\" alt=\"\" class=\"wp-image-737\" width=\"202\" height=\"203\"\/><\/figure>\n<\/div>\n\n\n\n<div class=\"wp-block-column is-vertically-aligned-center\"><\/div>\n\n\n\n<div class=\"wp-block-column is-vertically-aligned-center\"><\/div>\n\n\n\n<div class=\"wp-block-column is-vertically-aligned-center\"><\/div>\n<\/div>\n\n\n\n<h2><\/h2>\n\n\n\n<div class=\"wp-block-cover aligncenter has-background-dim-80 has-vivid-red-background-color has-background-dim is-position-center-center\" style=\"min-height:200px\"><img loading=\"lazy\" width=\"1280\" height=\"865\" class=\"wp-block-cover__image-background wp-image-642\" alt=\"\" src=\"https:\/\/primastcar.com\/wp-content\/uploads\/2021\/07\/email-4284157_1280.png\" style=\"object-position:34% 32%\" data-object-fit=\"cover\" data-object-position=\"34% 32%\"\/><div class=\"wp-block-cover__inner-container\">\n<div class=\"wp-block-columns alignwide\">\n<div class=\"wp-block-column\" style=\"flex-basis:12%\">\n<div style=\"height:100px\" aria-hidden=\"true\" class=\"wp-block-spacer\"><\/div>\n<\/div>\n\n\n\n<div class=\"wp-block-column\">\n<p class=\"has-text-align-left has-text-color\" style=\"color:#fffffa;font-size:29px;line-height:1.2\"><strong>\u00bfQuiere recibir nuestro bolet\u00edn?<\/strong><\/p>\n\n\n\n<div class=\"wp-block-buttons\">\n<div class=\"wp-block-button\"><a class=\"wp-block-button__link has-text-color has-background\" href=\"https:\/\/primastcar.com\/?page_id=218\" style=\"border-radius:3px;background-color:#fffffa;color:#00000a\" target=\"_blank\" rel=\"noreferrer noopener\">Inscr\u00edbase aqu\u00ed<\/a><\/div>\n<\/div>\n<\/div>\n\n\n\n<div class=\"wp-block-column\" style=\"flex-basis:12%\">\n<div style=\"height:100px\" aria-hidden=\"true\" class=\"wp-block-spacer\"><\/div>\n<\/div>\n<\/div>\n<\/div><\/div>\n\n\n\n<div class=\"wp-block-group\"><div class=\"wp-block-group__inner-container\"><\/div><\/div>\n","protected":false},"excerpt":{"rendered":"<p>primastcar: la plataforma primastcar: La plataforma PRIMASTCAR est\u00e1 formado por un grupo de profesionales sanitarios (cardi\u00f3logos y m\u00e9dicos de familia) con una amplia experiencia profesional y con capacidad comunicativa y docente demostrada, adem\u00e1s de poseedores de un uso optimizado de las nuevas tecnolog\u00edas. Este grupo de trabajo de la SAC, est\u00e1 conectado estrechamente con las&#8230;<\/p>\n<p class=\"more-link\"><a href=\"https:\/\/primastcar.com\/\"><span>Leer m\u00e1s<\/span><i>&#43;<\/i><\/a><\/p>\n","protected":false},"author":1,"featured_media":0,"parent":0,"menu_order":0,"comment_status":"closed","ping_status":"closed","template":"","meta":[],"yoast_head":"<!-- This site is optimized with the Yoast SEO plugin v16.9 - https:\/\/yoast.com\/wordpress\/plugins\/seo\/ -->\n<title>Primastcar: La plataforma de formaci\u00f3n continuada en ECV para AP<\/title>\n<meta name=\"description\" content=\"Primastcar: La plataforma de formaci\u00f3n continuada en ECV para AP que crea canales de comunicaci\u00f3n entre Atenci\u00f3n Primaria y Hospitalaria.\" \/>\n<meta name=\"robots\" content=\"index, follow, max-snippet:-1, max-image-preview:large, max-video-preview:-1\" \/>\n<link rel=\"canonical\" href=\"https:\/\/primastcar.com\/\" \/>\n<meta property=\"og:locale\" content=\"es_ES\" \/>\n<meta property=\"og:type\" content=\"article\" \/>\n<meta property=\"og:title\" content=\"Primastcar: La plataforma de formaci\u00f3n continuada en ECV para AP\" \/>\n<meta property=\"og:description\" content=\"Primastcar: La plataforma de formaci\u00f3n continuada en ECV para AP que crea canales de comunicaci\u00f3n entre Atenci\u00f3n Primaria y Hospitalaria.\" \/>\n<meta property=\"og:url\" content=\"https:\/\/primastcar.com\/\" \/>\n<meta property=\"og:site_name\" content=\"Primastcar\" \/>\n<meta property=\"article:modified_time\" content=\"2023-10-10T08:07:19+00:00\" \/>\n<meta property=\"og:image\" content=\"https:\/\/primastcar.com\/wp-content\/uploads\/2021\/08\/Organiza-e1625734110964-edited.png\" \/>\n<meta name=\"twitter:card\" content=\"summary_large_image\" \/>\n<meta name=\"twitter:label1\" content=\"Tiempo de lectura\" \/>\n\t<meta name=\"twitter:data1\" content=\"5 minutos\" \/>\n<script type=\"application\/ld+json\" class=\"yoast-schema-graph\">{\"@context\":\"https:\/\/schema.org\",\"@graph\":[{\"@type\":\"WebSite\",\"@id\":\"https:\/\/primastcar.com\/#website\",\"url\":\"https:\/\/primastcar.com\/\",\"name\":\"Primastcar\",\"description\":\"Primastcar: la plataforma de formaci\\u00f3n continuada en ECV para AP\",\"potentialAction\":[{\"@type\":\"SearchAction\",\"target\":{\"@type\":\"EntryPoint\",\"urlTemplate\":\"https:\/\/primastcar.com\/?s={search_term_string}\"},\"query-input\":\"required name=search_term_string\"}],\"inLanguage\":\"es\"},{\"@type\":\"ImageObject\",\"@id\":\"https:\/\/primastcar.com\/#primaryimage\",\"inLanguage\":\"es\",\"url\":\"https:\/\/primastcar.com\/wp-content\/uploads\/2021\/08\/Organiza-e1625734110964-edited.png\",\"contentUrl\":\"https:\/\/primastcar.com\/wp-content\/uploads\/2021\/08\/Organiza-e1625734110964-edited.png\",\"width\":185,\"height\":138},{\"@type\":\"WebPage\",\"@id\":\"https:\/\/primastcar.com\/#webpage\",\"url\":\"https:\/\/primastcar.com\/\",\"name\":\"Primastcar: La plataforma de formaci\\u00f3n continuada en ECV para AP\",\"isPartOf\":{\"@id\":\"https:\/\/primastcar.com\/#website\"},\"primaryImageOfPage\":{\"@id\":\"https:\/\/primastcar.com\/#primaryimage\"},\"datePublished\":\"2021-05-10T09:20:12+00:00\",\"dateModified\":\"2023-10-10T08:07:19+00:00\",\"description\":\"Primastcar: La plataforma de formaci\\u00f3n continuada en ECV para AP que crea canales de comunicaci\\u00f3n entre Atenci\\u00f3n Primaria y Hospitalaria.\",\"breadcrumb\":{\"@id\":\"https:\/\/primastcar.com\/#breadcrumb\"},\"inLanguage\":\"es\",\"potentialAction\":[{\"@type\":\"ReadAction\",\"target\":[\"https:\/\/primastcar.com\/\"]}]},{\"@type\":\"BreadcrumbList\",\"@id\":\"https:\/\/primastcar.com\/#breadcrumb\",\"itemListElement\":[{\"@type\":\"ListItem\",\"position\":1,\"name\":\"Portada\",\"item\":\"https:\/\/primastcar.com\/\"},{\"@type\":\"ListItem\",\"position\":2,\"name\":\"Primastcar: La plataforma\"}]}]}<\/script>\n<!-- \/ Yoast SEO plugin. -->","yoast_head_json":{"title":"Primastcar: La plataforma de formaci\u00f3n continuada en ECV para AP","description":"Primastcar: La plataforma de formaci\u00f3n continuada en ECV para AP que crea canales de comunicaci\u00f3n entre Atenci\u00f3n Primaria y Hospitalaria.","robots":{"index":"index","follow":"follow","max-snippet":"max-snippet:-1","max-image-preview":"max-image-preview:large","max-video-preview":"max-video-preview:-1"},"canonical":"https:\/\/primastcar.com\/","og_locale":"es_ES","og_type":"article","og_title":"Primastcar: La plataforma de formaci\u00f3n continuada en ECV para AP","og_description":"Primastcar: La plataforma de formaci\u00f3n continuada en ECV para AP que crea canales de comunicaci\u00f3n entre Atenci\u00f3n Primaria y Hospitalaria.","og_url":"https:\/\/primastcar.com\/","og_site_name":"Primastcar","article_modified_time":"2023-10-10T08:07:19+00:00","og_image":[{"url":"https:\/\/primastcar.com\/wp-content\/uploads\/2021\/08\/Organiza-e1625734110964-edited.png"}],"twitter_card":"summary_large_image","twitter_misc":{"Tiempo de lectura":"5 minutos"},"schema":{"@context":"https:\/\/schema.org","@graph":[{"@type":"WebSite","@id":"https:\/\/primastcar.com\/#website","url":"https:\/\/primastcar.com\/","name":"Primastcar","description":"Primastcar: la plataforma de formaci\u00f3n continuada en ECV para AP","potentialAction":[{"@type":"SearchAction","target":{"@type":"EntryPoint","urlTemplate":"https:\/\/primastcar.com\/?s={search_term_string}"},"query-input":"required name=search_term_string"}],"inLanguage":"es"},{"@type":"ImageObject","@id":"https:\/\/primastcar.com\/#primaryimage","inLanguage":"es","url":"https:\/\/primastcar.com\/wp-content\/uploads\/2021\/08\/Organiza-e1625734110964-edited.png","contentUrl":"https:\/\/primastcar.com\/wp-content\/uploads\/2021\/08\/Organiza-e1625734110964-edited.png","width":185,"height":138},{"@type":"WebPage","@id":"https:\/\/primastcar.com\/#webpage","url":"https:\/\/primastcar.com\/","name":"Primastcar: La plataforma de formaci\u00f3n continuada en ECV para AP","isPartOf":{"@id":"https:\/\/primastcar.com\/#website"},"primaryImageOfPage":{"@id":"https:\/\/primastcar.com\/#primaryimage"},"datePublished":"2021-05-10T09:20:12+00:00","dateModified":"2023-10-10T08:07:19+00:00","description":"Primastcar: La plataforma de formaci\u00f3n continuada en ECV para AP que crea canales de comunicaci\u00f3n entre Atenci\u00f3n Primaria y Hospitalaria.","breadcrumb":{"@id":"https:\/\/primastcar.com\/#breadcrumb"},"inLanguage":"es","potentialAction":[{"@type":"ReadAction","target":["https:\/\/primastcar.com\/"]}]},{"@type":"BreadcrumbList","@id":"https:\/\/primastcar.com\/#breadcrumb","itemListElement":[{"@type":"ListItem","position":1,"name":"Portada","item":"https:\/\/primastcar.com\/"},{"@type":"ListItem","position":2,"name":"Primastcar: La plataforma"}]}]}},"_links":{"self":[{"href":"https:\/\/primastcar.com\/index.php?rest_route=\/wp\/v2\/pages\/19"}],"collection":[{"href":"https:\/\/primastcar.com\/index.php?rest_route=\/wp\/v2\/pages"}],"about":[{"href":"https:\/\/primastcar.com\/index.php?rest_route=\/wp\/v2\/types\/page"}],"author":[{"embeddable":true,"href":"https:\/\/primastcar.com\/index.php?rest_route=\/wp\/v2\/users\/1"}],"replies":[{"embeddable":true,"href":"https:\/\/primastcar.com\/index.php?rest_route=%2Fwp%2Fv2%2Fcomments&post=19"}],"version-history":[{"count":152,"href":"https:\/\/primastcar.com\/index.php?rest_route=\/wp\/v2\/pages\/19\/revisions"}],"predecessor-version":[{"id":3657,"href":"https:\/\/primastcar.com\/index.php?rest_route=\/wp\/v2\/pages\/19\/revisions\/3657"}],"wp:attachment":[{"href":"https:\/\/primastcar.com\/index.php?rest_route=%2Fwp%2Fv2%2Fmedia&parent=19"}],"curies":[{"name":"wp","href":"https:\/\/api.w.org\/{rel}","templated":true}]}}